{"id":540,"date":"2018-02-19T18:14:45","date_gmt":"2018-02-19T18:14:45","guid":{"rendered":"http:\/\/icsas-project.eu\/?page_id=540"},"modified":"2020-04-09T14:37:45","modified_gmt":"2020-04-09T14:37:45","slug":"icsas-auf-tagungen-workshops-oder-messen","status":"publish","type":"page","link":"http:\/\/icsas-project.eu\/de\/icsas-auf-tagungen-workshops-oder-messen\/","title":{"rendered":"ICSAS auf Tagungen, Workshops oder Messen"},"content":{"rendered":"\n<p><a rel=\"noreferrer noopener\" href=\"https:\/\/eera-ecer.de\/ecer-2020-glasgow\/\" target=\"_blank\">ECER 2020<\/a><br>in Glasgow, Schottland vom 25. bis 28. August 2020<\/p>\n\n\n\n<figure class=\"wp-block-image\"><img loading=\"lazy\" decoding=\"async\" width=\"261\" height=\"193\" src=\"http:\/\/icsas-project.eu\/wp-content\/uploads\/2020\/04\/Glasgow-2.jpg\" alt=\"\" class=\"wp-image-3381\"\/><\/figure>\n\n\n\n<hr class=\"wp-block-separator\"\/>\n\n\n\n<p>TCA &#8222;<a rel=\"noreferrer noopener\" href=\"https:\/\/www.kmk-pad.org\/veranstaltungen\/details\/tca-erasmus-boosting-employability-and-promoting-cooperation-with-the-world-of-work-1978.html\" target=\"_blank\"><strong>Erasmus+ boosting employability and promoting cooperation with the world of work<\/strong><\/a>&#8220;  <br>Jurmala, Lettland vom 09. bis 10. September 2019<\/p>\n\n\n\n<figure class=\"wp-block-image is-resized\"><img loading=\"lazy\" decoding=\"async\" src=\"http:\/\/icsas-project.eu\/wp-content\/uploads\/2020\/04\/pres-Jurmala.jpg\" alt=\"\" class=\"wp-image-3336\" width=\"295\" height=\"187\" srcset=\"http:\/\/icsas-project.eu\/wp-content\/uploads\/2020\/04\/pres-Jurmala.jpg 341w, http:\/\/icsas-project.eu\/wp-content\/uploads\/2020\/04\/pres-Jurmala-300x190.jpg 300w\" sizes=\"auto, (max-width: 295px) 100vw, 295px\" \/><\/figure>\n\n\n\n<p><a rel=\"noreferrer noopener\" href=\"http:\/\/viaa.gov.lv\/eng\/ec_educational_programs_and_in\/erasmus_\/erasmus_plus_seminars\/?year=2019\" target=\"_blank\">Pr\u00e4sentation <\/a><br><a rel=\"noreferrer noopener\" href=\"https:\/\/www.flickr.com\/photos\/73458727@N06\/albums\/72157710780161436\" target=\"_blank\">Foto-Galerie<\/a><br><a rel=\"noreferrer noopener\" href=\"http:\/\/icsas-project.eu\/wp-content\/uploads\/2020\/04\/ICSAS_Riga.pptx\" target=\"_blank\">ICSAS Pr\u00e4sentation<\/a><\/p>\n\n\n<hr>\n<p>3te Internationale VET Konferenz<strong><br><\/strong><a href=\"https:\/\/vetnetsite.org\/conferences\/crossing-boundaries\/2019-valencia\/\"><strong>Crossing Boundaries in Vocational Education and Training<\/strong><\/a><br>in Val\u00e8ncia, Spanien vom 2. bis 3. Mai 2019<br><img loading=\"lazy\" decoding=\"async\" class=\"size-full wp-image-1816 alignnone\" src=\"http:\/\/icsas-project.eu\/wp-content\/uploads\/2019\/06\/Arena-Valencia.jpg\" alt=\"\" width=\"284\" height=\"177\"><br><a href=\"http:\/\/icsas-project.eu\/wp-content\/uploads\/2019\/02\/Crossing-boundaires-VET_ICSAS_paper30.01.pdf\">ICSAS-Vortrag<\/a><br><a href=\"http:\/\/icsas-project.eu\/wp-content\/uploads\/2019\/06\/ICSAS_Val_INESCOP.pptx\" target=\"_blank\" rel=\"noopener noreferrer\">Pr\u00e4sentation<\/a><\/p>\n<hr>\n<p><strong>ICSAS auf dem <a href=\"https:\/\/www.ehb.swiss\/vet-congress-2019\">Swiss VET-Congress<\/a> <\/strong><br>in Zollikofen, Schweiz vom 4. bis zum&nbsp; 6. M\u00e4rz 2019<img loading=\"lazy\" decoding=\"async\" class=\"alignnone wp-image-1341\" src=\"http:\/\/icsas-project.eu\/wp-content\/uploads\/2019\/03\/IMG_20190304_154607.jpg\" alt=\"\" width=\"375\" height=\"211\" srcset=\"http:\/\/icsas-project.eu\/wp-content\/uploads\/2019\/03\/IMG_20190304_154607.jpg 1600w, http:\/\/icsas-project.eu\/wp-content\/uploads\/2019\/03\/IMG_20190304_154607-300x169.jpg 300w, http:\/\/icsas-project.eu\/wp-content\/uploads\/2019\/03\/IMG_20190304_154607-768x432.jpg 768w, http:\/\/icsas-project.eu\/wp-content\/uploads\/2019\/03\/IMG_20190304_154607-1024x576.jpg 1024w, http:\/\/icsas-project.eu\/wp-content\/uploads\/2019\/03\/IMG_20190304_154607-624x351.jpg 624w\" sizes=\"auto, (max-width: 375px) 100vw, 375px\" \/><br><a href=\"http:\/\/icsas-project.eu\/icsas_sfivet\/\" target=\"_blank\" rel=\"noopener noreferrer\">Pr\u00e4sentation<\/a><\/p>\n<hr>\n<p><strong>ICSAS auf der <a href=\"http:\/\/www.eera-ecer.de\/ecer-2018-bolzano\/\" target=\"_blank\" rel=\"noopener noreferrer\">ECER 2018<\/a><\/strong><br>in Bozen <span id=\"result_box\" class=\"short_text\" lang=\"en\"><span class=\"\">vom 4. bis zum 7. September 2018<\/span><\/span><br><img loading=\"lazy\" decoding=\"async\" class=\"alignnone wp-image-1145\" src=\"http:\/\/icsas-project.eu\/wp-content\/uploads\/2018\/09\/ECER_Bozen_2018.jpg\" alt=\"\" width=\"375\" height=\"280\" srcset=\"http:\/\/icsas-project.eu\/wp-content\/uploads\/2018\/09\/ECER_Bozen_2018.jpg 2348w, http:\/\/icsas-project.eu\/wp-content\/uploads\/2018\/09\/ECER_Bozen_2018-300x224.jpg 300w, http:\/\/icsas-project.eu\/wp-content\/uploads\/2018\/09\/ECER_Bozen_2018-768x574.jpg 768w, http:\/\/icsas-project.eu\/wp-content\/uploads\/2018\/09\/ECER_Bozen_2018-1024x766.jpg 1024w, http:\/\/icsas-project.eu\/wp-content\/uploads\/2018\/09\/ECER_Bozen_2018-624x467.jpg 624w\" sizes=\"auto, (max-width: 375px) 100vw, 375px\" \/><br><a href=\"http:\/\/icsas-project.eu\/wp-content\/uploads\/2018\/09\/ICSAS_ECER_2018.pdf\" target=\"_blank\" rel=\"noopener noreferrer\">Pr\u00e4sentation<\/a><\/p>\n<p><strong>ICSAS auf dem <a href=\"https:\/\/www.porto2018.uitic.org\/\" target=\"_blank\" rel=\"noopener noreferrer\">International Union of Shoe Industry Technicians (UITIC) &#8211; Congress<\/a><\/strong><br>in Porto <span id=\"result_box\" class=\"short_text\" lang=\"en\"><span class=\"\">vom 16. bis zum 18. Mai 2018<\/span><\/span><br><a href=\"https:\/\/www.porto2018.uitic.org\/\" target=\"_blank\" rel=\"noopener noreferrer\"><img loading=\"lazy\" decoding=\"async\" class=\"wp-image-1100 alignnone\" src=\"http:\/\/icsas-project.eu\/wp-content\/uploads\/2018\/08\/porto-uitic-2018-648417064p.jpg\" alt=\"\" width=\"375\" height=\"250\" srcset=\"http:\/\/icsas-project.eu\/wp-content\/uploads\/2018\/08\/porto-uitic-2018-648417064p.jpg 800w, http:\/\/icsas-project.eu\/wp-content\/uploads\/2018\/08\/porto-uitic-2018-648417064p-300x200.jpg 300w, http:\/\/icsas-project.eu\/wp-content\/uploads\/2018\/08\/porto-uitic-2018-648417064p-768x512.jpg 768w, http:\/\/icsas-project.eu\/wp-content\/uploads\/2018\/08\/porto-uitic-2018-648417064p-624x416.jpg 624w\" sizes=\"auto, (max-width: 375px) 100vw, 375px\" \/><\/a><br><a href=\"http:\/\/icsas-project.eu\/wp-content\/uploads\/2018\/09\/UITIC_presentation_ISC_HRM4_WB_Training.pdf\" target=\"_blank\" rel=\"noopener noreferrer\">Pr\u00e4sentation<\/a><\/p>\n<p><strong>ICSAS auf der Open Space Veranstalung \u201cLet\u00b4s talk about work-based learning-experiences\u201d<\/strong> in Bonn am 20. und 21. November 2017 vom NA-BIBB<\/p>","protected":false},"excerpt":{"rendered":"<p>ECER 2020in Glasgow, Schottland vom 25. bis 28. August 2020 TCA &#8222;Erasmus+ boosting employability and promoting cooperation with the world of work&#8220; Jurmala, Lettland vom 09. bis 10. September 2019 Pr\u00e4sentation Foto-GalerieICSAS Pr\u00e4sentation 3te Internationale VET KonferenzCrossing Boundaries in Vocational Education and Trainingin Val\u00e8ncia, Spanien vom 2. bis 3. Mai 2019ICSAS-VortragPr\u00e4sentation ICSAS auf dem Swiss VET-Congress in Zollikofen, Schweiz vom&#8230; <a href=\"http:\/\/icsas-project.eu\/de\/icsas-auf-tagungen-workshops-oder-messen\/\">Read more &raquo;<\/a><\/p>\n","protected":false},"author":1,"featured_media":0,"parent":0,"menu_order":0,"comment_status":"closed","ping_status":"closed","template":"","meta":{"footnotes":""},"class_list":["post-540","page","type-page","status-publish","hentry"],"_links":{"self":[{"href":"http:\/\/icsas-project.eu\/de\/wp-json\/wp\/v2\/pages\/540","targetHints":{"allow":["GET"]}}],"collection":[{"href":"http:\/\/icsas-project.eu\/de\/wp-json\/wp\/v2\/pages"}],"about":[{"href":"http:\/\/icsas-project.eu\/de\/wp-json\/wp\/v2\/types\/page"}],"author":[{"embeddable":true,"href":"http:\/\/icsas-project.eu\/de\/wp-json\/wp\/v2\/users\/1"}],"replies":[{"embeddable":true,"href":"http:\/\/icsas-project.eu\/de\/wp-json\/wp\/v2\/comments?post=540"}],"version-history":[{"count":18,"href":"http:\/\/icsas-project.eu\/de\/wp-json\/wp\/v2\/pages\/540\/revisions"}],"predecessor-version":[{"id":3393,"href":"http:\/\/icsas-project.eu\/de\/wp-json\/wp\/v2\/pages\/540\/revisions\/3393"}],"wp:attachment":[{"href":"http:\/\/icsas-project.eu\/de\/wp-json\/wp\/v2\/media?parent=540"}],"curies":[{"name":"wp","href":"https:\/\/api.w.org\/{rel}","templated":true}]}}